{"id":312,"date":"2017-08-07T14:22:42","date_gmt":"2017-08-07T12:22:42","guid":{"rendered":"http:\/\/www.melioris.ch\/?page_id=312\/"},"modified":"2024-10-11T10:42:42","modified_gmt":"2024-10-11T08:42:42","slug":"startseite-2","status":"publish","type":"page","link":"https:\/\/www.melioris.ch\/fr\/","title":{"rendered":"Accueil"},"content":{"rendered":"<div id=\"pl-312\"  class=\"panel-layout\" ><div id=\"pg-312-0\"  class=\"panel-grid panel-no-style\" ><div id=\"pgc-312-0-0\"  class=\"panel-grid-cell panel-grid-cell-empty\" ><\/div><div id=\"pgc-312-0-1\"  class=\"panel-grid-cell panel-grid-cell-mobile-last\" ><div id=\"panel-312-0-1-0\" class=\"so-panel widget widget_sow-editor panel-first-child panel-last-child\" data-index=\"0\" ><div\n\t\t\t\n\t\t\tclass=\"so-widget-sow-editor so-widget-sow-editor-base\"\n\t\t\t\n\t\t>\n<div class=\"siteorigin-widget-tinymce textwidget\">\n\t<p style=\"text-align: center;\"><span class=\"uk-h6\">VOTRE SP\u00c9CIALISTE EN ACHATS<\/span><\/p>\n<h1 style=\"text-align: center;\">Melioris SA<\/h1>\n<p style=\"text-align: center;\"><span style=\"color: #000000;\">Melioris est une soci\u00e9t\u00e9 suisse de conseil en achats fond\u00e9e en 2004. En tant que sp\u00e9cialistes reconnus des achats nous accompagnons nos clients dans les diff\u00e9rents domaines li\u00e9s aux achats avec le souci permanent d\u2019apporter une valeur ajout\u00e9e concr\u00e8te et mesurable. Nous sommes totalement ind\u00e9pendants des fournisseurs et garantissons la neutralit\u00e9 des analyses et recommandations que nous d\u00e9livrons. Nous nous positionnons ainsi comme v\u00e9ritables partenaires de nos clients.<\/span><\/p>\n<\/div>\n<\/div><\/div><\/div><div id=\"pgc-312-0-2\"  class=\"panel-grid-cell panel-grid-cell-empty\" ><\/div><\/div><div id=\"pg-312-1\"  class=\"panel-grid panel-no-style\" ><div id=\"pgc-312-1-0\"  class=\"panel-grid-cell\" ><div id=\"panel-312-1-0-0\" class=\"so-panel widget widget_sow-editor panel-first-child panel-last-child\" data-index=\"1\" ><div\n\t\t\t\n\t\t\tclass=\"so-widget-sow-editor so-widget-sow-editor-base\"\n\t\t\t\n\t\t>\n<div class=\"siteorigin-widget-tinymce textwidget\">\n\t\n            \n            \n            <!-- pagination here -->\n            <div class=\"uk-width-1-1 uk-margin-top\" id=\"dienstleistungen\">\n              <div class=\"uk-grid uk-grid-width-medium-1-4 uk-width-small-1-1\" data-uk-margin>\n                <!-- the loop -->\n                \n                <a href=\"https:\/\/www.melioris.ch\/fr\/nos-prestations\/optimisation-des-couts\/\" class=\"uk-text-center\">\n                  <img decoding=\"async\" class=\"small\" src=\"https:\/\/www.melioris.ch\/wp-content\/uploads\/2017\/06\/coins.svg\" alt=\"\">\n                  <h4>Optimisation des co\u00fbts<\/h4>\n                  <p>R\u00e9aliser des \u00e9conomies sur les achats directs et indirects.<\/p>\n                <\/a>\n\n                \n                <a href=\"https:\/\/www.melioris.ch\/fr\/nos-prestations\/projets-achats-2\/\" class=\"uk-text-center\">\n                  <img decoding=\"async\" class=\"small\" src=\"https:\/\/www.melioris.ch\/wp-content\/uploads\/2017\/06\/calendar.svg\" alt=\"\">\n                  <h4>Projets achats<\/h4>\n                  <p>Accompagnement et pilotage de projets achats pour les d\u00e9penses d\u2019exploitation ou d\u2019investissement.<\/p>\n                <\/a>\n\n                \n                <a href=\"https:\/\/www.melioris.ch\/fr\/nos-prestations\/conseil-operationnel\/\" class=\"uk-text-center\">\n                  <img decoding=\"async\" class=\"small\" src=\"https:\/\/www.melioris.ch\/wp-content\/uploads\/2017\/06\/pie-chart.svg\" alt=\"\">\n                  <h4>Conseil op\u00e9rationnel<\/h4>\n                  <p>Conseil et accompagnement sur des th\u00e8mes op\u00e9rationnels li\u00e9s aux achats.<\/p>\n                <\/a>\n\n                \n                <a href=\"https:\/\/www.melioris.ch\/fr\/nos-prestations\/conseil-organisationnel\/\" class=\"uk-text-center\">\n                  <img decoding=\"async\" class=\"small\" src=\"https:\/\/www.melioris.ch\/wp-content\/uploads\/2017\/06\/hierarchical-structure.svg\" alt=\"\">\n                  <h4>Conseil organisationnel<\/h4>\n                  <p>Renforcement durable de la fonction achats dans l\u2019entreprise.<\/p>\n                <\/a>\n\n                                <!-- end of the loop -->\n\n                <!-- pagination here -->\n              <\/div>\n            <\/div>\n\n            \n            \n            \n<\/div>\n<\/div><\/div><\/div><\/div><div id=\"pg-312-2\"  class=\"panel-grid panel-has-style\" ><div class=\"siteorigin-panels-stretch panel-row-style panel-row-style-for-312-2\" data-stretch-type=\"full\" ><div id=\"pgc-312-2-0\"  class=\"panel-grid-cell\" ><div id=\"panel-312-2-0-0\" class=\"so-panel widget widget_lsow-testimonials-slider panel-first-child panel-last-child\" data-index=\"2\" ><div\n\t\t\t\n\t\t\tclass=\"so-widget-lsow-testimonials-slider so-widget-lsow-testimonials-slider-default-d75171398898-362\"\n\t\t\t\n\t\t>\n<div class=\"lsow-testimonials-slider lsow-flexslider lsow-container\" data-settings='{&quot;slide_animation&quot;:&quot;slide&quot;,&quot;direction&quot;:&quot;horizontal&quot;,&quot;slideshow_speed&quot;:9000,&quot;animation_speed&quot;:600,&quot;control_nav&quot;:true,&quot;direction_nav&quot;:&quot;&quot;,&quot;pause_on_hover&quot;:&quot;&quot;,&quot;pause_on_action&quot;:&quot;&quot;}'><div class=\"lsow-slides\"><div class=\"lsow-slide lsow-testimonial-wrapper\"><div class=\"lsow-testimonial\"><div class=\"lsow-testimonial-text\"><i class=\"lsow-icon-quote\"><\/i><p>\u00ab Les r\u00e9sultats de certains postes nous ont vraiment surpris en bien. Je pense, entre autres, aux t\u00e9l\u00e9communications et \u00e0 la logistique\u00bb.<\/p>\n<\/div><div class=\"lsow-testimonial-user\"><div class=\"lsow-image-wrapper\"><img loading=\"lazy\" decoding=\"async\" width=\"150\" height=\"69\" src=\"https:\/\/www.melioris.ch\/wp-content\/uploads\/2017\/12\/Matisa-150x69.png\" class=\"lsow-image full\" alt=\"Logo Matisa\" srcset=\"https:\/\/www.melioris.ch\/wp-content\/uploads\/2017\/12\/Matisa-150x69.png 150w, https:\/\/www.melioris.ch\/wp-content\/uploads\/2017\/12\/Matisa.png 350w\" sizes=\"auto, (max-width: 150px) 100vw, 150px\" \/><\/div><!-- .lsow-image-wrapper --><div class=\"lsow-text\"><h3 class=\"lsow-author-name\">Philippe Carrard<\/h3><div class=\"lsow-author-credentials\">Responsable des finances, Crissier VD<\/div><\/div><\/div><!-- .lsow-testimonial-user --><\/div><!-- .lsow-testimonial --><\/div><!-- .lsow-testimonial-wrapper.lsow-slide --><div class=\"lsow-slide lsow-testimonial-wrapper\"><div class=\"lsow-testimonial\"><div class=\"lsow-testimonial-text\"><i class=\"lsow-icon-quote\"><\/i><p>\u00ab Afin d\u2019atteindre ces r\u00e9sultats, nous nous plaisons \u00e0 relever que le temps sollicit\u00e9 \u00e0 nos collaborateurs est rest\u00e9 tr\u00e8s raisonnable sur la totalit\u00e9 du mandat \u00bb.<\/p>\n<\/div><div class=\"lsow-testimonial-user\"><div class=\"lsow-image-wrapper\"><img loading=\"lazy\" decoding=\"async\" width=\"150\" height=\"60\" src=\"https:\/\/www.melioris.ch\/wp-content\/uploads\/2017\/12\/FischerConnectors-150x60.jpg\" class=\"lsow-image full\" alt=\"\" srcset=\"https:\/\/www.melioris.ch\/wp-content\/uploads\/2017\/12\/FischerConnectors-150x60.jpg 150w, https:\/\/www.melioris.ch\/wp-content\/uploads\/2017\/12\/FischerConnectors.jpg 350w\" sizes=\"auto, (max-width: 150px) 100vw, 150px\" \/><\/div><!-- .lsow-image-wrapper --><div class=\"lsow-text\"><h3 class=\"lsow-author-name\">Victor C\u00e9sar<\/h3><div class=\"lsow-author-credentials\">Responsable achat, St-Prex VD<\/div><\/div><\/div><!-- .lsow-testimonial-user --><\/div><!-- .lsow-testimonial --><\/div><!-- .lsow-testimonial-wrapper.lsow-slide --><div class=\"lsow-slide lsow-testimonial-wrapper\"><div class=\"lsow-testimonial\"><div class=\"lsow-testimonial-text\"><i class=\"lsow-icon-quote\"><\/i><p>\u00ab Nous vous exprimons notre grande satisfaction quant \u00e0 vos services et nous recommandons vivement Melioris aux PME bas\u00e9es en Suisse \u00bb.<\/p>\n<\/div><div class=\"lsow-testimonial-user\"><div class=\"lsow-image-wrapper\"><img loading=\"lazy\" decoding=\"async\" width=\"150\" height=\"39\" src=\"https:\/\/www.melioris.ch\/wp-content\/uploads\/2017\/12\/Kugler-Bimetal-150x39.png\" class=\"lsow-image full\" alt=\"\" srcset=\"https:\/\/www.melioris.ch\/wp-content\/uploads\/2017\/12\/Kugler-Bimetal-150x39.png 150w, https:\/\/www.melioris.ch\/wp-content\/uploads\/2017\/12\/Kugler-Bimetal.png 350w\" sizes=\"auto, (max-width: 150px) 100vw, 150px\" \/><\/div><!-- .lsow-image-wrapper --><div class=\"lsow-text\"><h3 class=\"lsow-author-name\">J\u00e9r\u00f4me Chanton<\/h3><div class=\"lsow-author-credentials\">CEO de Kugler Bim\u00e9tal, Le Lignon GE<\/div><\/div><\/div><!-- .lsow-testimonial-user --><\/div><!-- .lsow-testimonial --><\/div><!-- .lsow-testimonial-wrapper.lsow-slide --><div class=\"lsow-slide lsow-testimonial-wrapper\"><div class=\"lsow-testimonial\"><div class=\"lsow-testimonial-text\"><i class=\"lsow-icon-quote\"><\/i><p>\u00ab A titre personnel, j\u2019ai particuli\u00e8rement appr\u00e9ci\u00e9 la prise en compte par Melioris des sp\u00e9cificit\u00e9s propre \u00e0 ISOVER, et la libert\u00e9 re\u00e7ue pour valider leurs recommandations \u00bb.<\/p><\/div><div class=\"lsow-testimonial-user\"><div class=\"lsow-image-wrapper\"><img loading=\"lazy\" decoding=\"async\" width=\"150\" height=\"94\" src=\"https:\/\/www.melioris.ch\/wp-content\/uploads\/2017\/12\/Isover-Saint-Gobain-150x94.png\" class=\"lsow-image full\" alt=\"Logo Isover Saint-Gobain\" srcset=\"https:\/\/www.melioris.ch\/wp-content\/uploads\/2017\/12\/Isover-Saint-Gobain-150x94.png 150w, https:\/\/www.melioris.ch\/wp-content\/uploads\/2017\/12\/Isover-Saint-Gobain.png 350w\" sizes=\"auto, (max-width: 150px) 100vw, 150px\" \/><\/div><!-- .lsow-image-wrapper --><div class=\"lsow-text\"><h3 class=\"lsow-author-name\">J\u00e9r\u00f4me Saulnier<\/h3><div class=\"lsow-author-credentials\">Responsable du site de Lucens, FR<\/div><\/div><\/div><!-- .lsow-testimonial-user --><\/div><!-- .lsow-testimonial --><\/div><!-- .lsow-testimonial-wrapper.lsow-slide --><div class=\"lsow-slide lsow-testimonial-wrapper\"><div class=\"lsow-testimonial\"><div class=\"lsow-testimonial-text\"><i class=\"lsow-icon-quote\"><\/i><p>\u00ab Lors de notre premier contact, nous avons tout d\u2019abord \u00e9t\u00e9 int\u00e9ress\u00e9s par le business model de Melioris. Nous avons jug\u00e9 fairplay votre mode de r\u00e9mun\u00e9ration uniquement bas\u00e9e sur les \u00e9conomies effectivement r\u00e9alis\u00e9es par Stryker Spine. Le fait que le risque financier soit de votre c\u00f4t\u00e9, et non du n\u00f4tre, a \u00e9t\u00e9 un \u00e9l\u00e9ment d\u00e9cisif pour aller de l\u2019avant avec vous. \u00bb<\/p>\n<\/div><div class=\"lsow-testimonial-user\"><div class=\"lsow-image-wrapper\"><img loading=\"lazy\" decoding=\"async\" width=\"150\" height=\"58\" src=\"https:\/\/www.melioris.ch\/wp-content\/uploads\/2017\/12\/Stryker-150x58.gif\" class=\"lsow-image full\" alt=\"\" \/><\/div><!-- .lsow-image-wrapper --><div class=\"lsow-text\"><h3 class=\"lsow-author-name\">Guillaume Finck<\/h3><div class=\"lsow-author-credentials\">VP Operations, La Chaux-de-Fonds, NE<\/div><\/div><\/div><!-- .lsow-testimonial-user --><\/div><!-- .lsow-testimonial --><\/div><!-- .lsow-testimonial-wrapper.lsow-slide --><div class=\"lsow-slide lsow-testimonial-wrapper\"><div class=\"lsow-testimonial\"><div class=\"lsow-testimonial-text\"><i class=\"lsow-icon-quote\"><\/i>\u00ab Nous sommes tr\u00e8s satisfaits des r\u00e9sultats de la mission d\u2019optimisation men\u00e9e par Melioris. Bas\u00e9e sur notre exp\u00e9rience avec eux, nous consid\u00e9rons Melioris comme un partenaire tr\u00e8s comp\u00e9tent \u00bb. <\/div><div class=\"lsow-testimonial-user\"><div class=\"lsow-image-wrapper\"><img loading=\"lazy\" decoding=\"async\" width=\"150\" height=\"38\" src=\"https:\/\/www.melioris.ch\/wp-content\/uploads\/2017\/12\/Schulthess-150x38.png\" class=\"lsow-image full\" alt=\"Logo Schulthess\" srcset=\"https:\/\/www.melioris.ch\/wp-content\/uploads\/2017\/12\/Schulthess-150x38.png 150w, https:\/\/www.melioris.ch\/wp-content\/uploads\/2017\/12\/Schulthess.png 350w\" sizes=\"auto, (max-width: 150px) 100vw, 150px\" \/><\/div><!-- .lsow-image-wrapper --><div class=\"lsow-text\"><h3 class=\"lsow-author-name\">Gion A. Huonder<\/h3><div class=\"lsow-author-credentials\">Responsable Production et Logistique, Bubikon ZH<\/div><\/div><\/div><!-- .lsow-testimonial-user --><\/div><!-- .lsow-testimonial --><\/div><!-- .lsow-testimonial-wrapper.lsow-slide --><\/div><!-- .lsow-slides --><\/div><!-- .lsow-testimonials-slider --><\/div><\/div><\/div><\/div><\/div><div id=\"pg-312-3\"  class=\"panel-grid panel-has-style\" ><div class=\"siteorigin-panels-stretch panel-row-style panel-row-style-for-312-3\" id=\"logos\" data-stretch-type=\"full\" ><div id=\"pgc-312-3-0\"  class=\"panel-grid-cell\" ><div id=\"panel-312-3-0-0\" class=\"so-panel widget widget_lsow-carousel panel-first-child panel-last-child\" data-index=\"3\" ><div\n\t\t\t\n\t\t\tclass=\"so-widget-lsow-carousel so-widget-lsow-carousel-default-687b2392d233-362\"\n\t\t\t\n\t\t><p class=\"uk-h6 uk-margin-top uk-margin-bottom-remove uk-text-center widget-title\">Parmi nos clients<\/p><div id=\"lsow-carousel-lsow-carousel-1\" class=\"lsow-carousel lsow-container\" data-settings='{&quot;arrows&quot;:true,&quot;autoplay&quot;:true,&quot;autoplay_speed&quot;:8900,&quot;animation_speed&quot;:600,&quot;display_columns&quot;:5,&quot;scroll_columns&quot;:5,&quot;gutter&quot;:30,&quot;so_field_container_state&quot;:&quot;open&quot;,&quot;dots&quot;:&quot;&quot;,&quot;pause_on_hover&quot;:&quot;&quot;,&quot;tablet_width&quot;:800,&quot;tablet_display_columns&quot;:3,&quot;tablet_scroll_columns&quot;:3,&quot;mobile_width&quot;:480,&quot;mobile_display_columns&quot;:2,&quot;mobile_scroll_columns&quot;:2}'><div class=\"lsow-carousel-item\"><p><img loading=\"lazy\" decoding=\"async\" class=\"alignnone size-full wp-image-939\" src=\"http:\/\/www.melioris.ch\/wp-content\/uploads\/2017\/12\/Avasad.png\" alt=\"\" width=\"410\" height=\"230\" srcset=\"https:\/\/www.melioris.ch\/wp-content\/uploads\/2017\/12\/Avasad.png 410w, https:\/\/www.melioris.ch\/wp-content\/uploads\/2017\/12\/Avasad-150x84.png 150w\" sizes=\"auto, (max-width: 410px) 100vw, 410px\" \/><\/p><\/div><!-- .lsow-carousel-item --><div class=\"lsow-carousel-item\"><img loading=\"lazy\" decoding=\"async\" class=\"alignnone size-full wp-image-1820\" src=\"http:\/\/www.melioris.ch\/wp-content\/uploads\/2018\/01\/Stryker-2.jpg\" alt=\"\" width=\"327\" height=\"154\" srcset=\"https:\/\/www.melioris.ch\/wp-content\/uploads\/2018\/01\/Stryker-2.jpg 327w, https:\/\/www.melioris.ch\/wp-content\/uploads\/2018\/01\/Stryker-2-150x71.jpg 150w\" sizes=\"auto, (max-width: 327px) 100vw, 327px\" \/><\/div><!-- .lsow-carousel-item --><div class=\"lsow-carousel-item\"><p><img loading=\"lazy\" decoding=\"async\" class=\"alignnone size-thumbnail wp-image-1079\" src=\"http:\/\/www.melioris.ch\/wp-content\/uploads\/2017\/12\/Vifor-Pharma-150x32.jpg\" alt=\"\" width=\"150\" height=\"32\" srcset=\"https:\/\/www.melioris.ch\/wp-content\/uploads\/2017\/12\/Vifor-Pharma-150x32.jpg 150w, https:\/\/www.melioris.ch\/wp-content\/uploads\/2017\/12\/Vifor-Pharma.jpg 350w\" sizes=\"auto, (max-width: 150px) 100vw, 150px\" \/><\/p><\/div><!-- .lsow-carousel-item --><div class=\"lsow-carousel-item\"><p><img loading=\"lazy\" decoding=\"async\" class=\"alignnone size-thumbnail wp-image-1080\" src=\"http:\/\/www.melioris.ch\/wp-content\/uploads\/2017\/12\/Villars-Mai\u0302tre-Chocolatier-150x61.png\" alt=\"\" width=\"150\" height=\"61\" srcset=\"https:\/\/www.melioris.ch\/wp-content\/uploads\/2017\/12\/Villars-Mai\u0302tre-Chocolatier-150x61.png 150w, https:\/\/www.melioris.ch\/wp-content\/uploads\/2017\/12\/Villars-Mai\u0302tre-Chocolatier.png 350w\" sizes=\"auto, (max-width: 150px) 100vw, 150px\" \/><\/p><\/div><!-- .lsow-carousel-item --><div class=\"lsow-carousel-item\"><p><img loading=\"lazy\" decoding=\"async\" class=\"alignnone size-thumbnail wp-image-1083\" src=\"http:\/\/www.melioris.ch\/wp-content\/uploads\/2017\/12\/Vivarte-150x45.png\" alt=\"\" width=\"150\" height=\"45\" srcset=\"https:\/\/www.melioris.ch\/wp-content\/uploads\/2017\/12\/Vivarte-150x45.png 150w, https:\/\/www.melioris.ch\/wp-content\/uploads\/2017\/12\/Vivarte.png 350w\" sizes=\"auto, (max-width: 150px) 100vw, 150px\" \/><\/p><\/div><!-- .lsow-carousel-item --><div class=\"lsow-carousel-item\"><img loading=\"lazy\" decoding=\"async\" src=\"http:\/\/www.melioris.ch\/wp-content\/uploads\/2017\/12\/FischerConnectors.jpg\" alt=\"\" width=\"350\" height=\"139\" class=\"alignnone size-full wp-image-975\" srcset=\"https:\/\/www.melioris.ch\/wp-content\/uploads\/2017\/12\/FischerConnectors.jpg 350w, https:\/\/www.melioris.ch\/wp-content\/uploads\/2017\/12\/FischerConnectors-150x60.jpg 150w\" sizes=\"auto, (max-width: 350px) 100vw, 350px\" \/><\/div><!-- .lsow-carousel-item --><div class=\"lsow-carousel-item\"><p><img loading=\"lazy\" decoding=\"async\" class=\"alignnone size-full wp-image-2304\" src=\"http:\/\/www.melioris.ch\/wp-content\/uploads\/2018\/02\/Conforama.png\" alt=\"Logo Conforama\" width=\"333\" height=\"151\" srcset=\"https:\/\/www.melioris.ch\/wp-content\/uploads\/2018\/02\/Conforama.png 333w, https:\/\/www.melioris.ch\/wp-content\/uploads\/2018\/02\/Conforama-150x68.png 150w\" sizes=\"auto, (max-width: 333px) 100vw, 333px\" \/><\/p><\/div><!-- .lsow-carousel-item --><div class=\"lsow-carousel-item\"><p><img loading=\"lazy\" decoding=\"async\" class=\"alignnone size-thumbnail wp-image-958\" src=\"http:\/\/www.melioris.ch\/wp-content\/uploads\/2017\/12\/CVCI-150x50.png\" alt=\"\" width=\"150\" height=\"50\" srcset=\"https:\/\/www.melioris.ch\/wp-content\/uploads\/2017\/12\/CVCI-150x50.png 150w, https:\/\/www.melioris.ch\/wp-content\/uploads\/2017\/12\/CVCI.png 350w\" sizes=\"auto, (max-width: 150px) 100vw, 150px\" \/><\/p><\/div><!-- .lsow-carousel-item --><div class=\"lsow-carousel-item\"><p><img loading=\"lazy\" decoding=\"async\" class=\"alignnone size-thumbnail wp-image-942\" src=\"http:\/\/www.melioris.ch\/wp-content\/uploads\/2017\/12\/Bien-Air-Dental-150x73.jpg\" alt=\"\" width=\"150\" height=\"73\" srcset=\"https:\/\/www.melioris.ch\/wp-content\/uploads\/2017\/12\/Bien-Air-Dental-150x73.jpg 150w, https:\/\/www.melioris.ch\/wp-content\/uploads\/2017\/12\/Bien-Air-Dental.jpg 350w\" sizes=\"auto, (max-width: 150px) 100vw, 150px\" \/><\/p><\/div><!-- .lsow-carousel-item --><div class=\"lsow-carousel-item\"><p><img loading=\"lazy\" decoding=\"async\" class=\"alignnone size-thumbnail wp-image-1085\" src=\"http:\/\/www.melioris.ch\/wp-content\/uploads\/2017\/12\/Wider-150x27.png\" alt=\"\" width=\"150\" height=\"27\" srcset=\"https:\/\/www.melioris.ch\/wp-content\/uploads\/2017\/12\/Wider-150x27.png 150w, https:\/\/www.melioris.ch\/wp-content\/uploads\/2017\/12\/Wider.png 350w\" sizes=\"auto, (max-width: 150px) 100vw, 150px\" \/><\/p><\/div><!-- .lsow-carousel-item --><div class=\"lsow-carousel-item\"><p><img loading=\"lazy\" decoding=\"async\" class=\"alignnone size-thumbnail wp-image-1070\" src=\"http:\/\/www.melioris.ch\/wp-content\/uploads\/2017\/12\/Trisa-150x58.png\" alt=\"\" width=\"150\" height=\"58\" srcset=\"https:\/\/www.melioris.ch\/wp-content\/uploads\/2017\/12\/Trisa-150x58.png 150w, https:\/\/www.melioris.ch\/wp-content\/uploads\/2017\/12\/Trisa.png 350w\" sizes=\"auto, (max-width: 150px) 100vw, 150px\" \/><\/p><\/div><!-- .lsow-carousel-item --><div class=\"lsow-carousel-item\"><p><img loading=\"lazy\" decoding=\"async\" class=\"alignnone size-thumbnail wp-image-1044\" src=\"http:\/\/www.melioris.ch\/wp-content\/uploads\/2017\/12\/Rollomatic-150x62.jpg\" alt=\"\" width=\"150\" height=\"62\" srcset=\"https:\/\/www.melioris.ch\/wp-content\/uploads\/2017\/12\/Rollomatic-150x62.jpg 150w, https:\/\/www.melioris.ch\/wp-content\/uploads\/2017\/12\/Rollomatic.jpg 350w\" sizes=\"auto, (max-width: 150px) 100vw, 150px\" \/><\/p><\/div><!-- .lsow-carousel-item --><div class=\"lsow-carousel-item\"><p><img loading=\"lazy\" decoding=\"async\" class=\"alignnone size-full wp-image-1049\" src=\"http:\/\/www.melioris.ch\/wp-content\/uploads\/2017\/12\/Schaublin-Machines.jpg\" alt=\"\" width=\"350\" height=\"73\" srcset=\"https:\/\/www.melioris.ch\/wp-content\/uploads\/2017\/12\/Schaublin-Machines.jpg 350w, https:\/\/www.melioris.ch\/wp-content\/uploads\/2017\/12\/Schaublin-Machines-150x31.jpg 150w\" sizes=\"auto, (max-width: 350px) 100vw, 350px\" \/><\/p>\n<\/div><!-- .lsow-carousel-item --><\/div><!-- .lsow-carousel --><\/div><\/div><\/div><\/div><\/div><\/div>","protected":false},"excerpt":{"rendered":"<p>VOTRE SP\u00c9CIALISTE EN ACHATS Melioris SA Melioris est une soci\u00e9t\u00e9 suisse de conseil en achats fond\u00e9e en 2004. En tant que sp\u00e9cialistes reconnus des achats nous accompagnons nos clients dans les diff\u00e9rents domaines li\u00e9s aux achats avec le souci permanent d\u2019apporter une valeur ajout\u00e9e concr\u00e8te et mesurable. Nous sommes totalement ind\u00e9pendants des fournisseurs et garantissons [&hellip;]<\/p>\n","protected":false},"author":1,"featured_media":3393,"parent":0,"menu_order":0,"comment_status":"closed","ping_status":"open","template":"","meta":{"_acf_changed":false,"footnotes":""},"class_list":["post-312","page","type-page","status-publish","has-post-thumbnail","hentry"],"acf":[],"aioseo_notices":[],"_links":{"self":[{"href":"https:\/\/www.melioris.ch\/fr\/wp-json\/wp\/v2\/pages\/312","targetHints":{"allow":["GET"]}}],"collection":[{"href":"https:\/\/www.melioris.ch\/fr\/wp-json\/wp\/v2\/pages"}],"about":[{"href":"https:\/\/www.melioris.ch\/fr\/wp-json\/wp\/v2\/types\/page"}],"author":[{"embeddable":true,"href":"https:\/\/www.melioris.ch\/fr\/wp-json\/wp\/v2\/users\/1"}],"replies":[{"embeddable":true,"href":"https:\/\/www.melioris.ch\/fr\/wp-json\/wp\/v2\/comments?post=312"}],"version-history":[{"count":5,"href":"https:\/\/www.melioris.ch\/fr\/wp-json\/wp\/v2\/pages\/312\/revisions"}],"predecessor-version":[{"id":3403,"href":"https:\/\/www.melioris.ch\/fr\/wp-json\/wp\/v2\/pages\/312\/revisions\/3403"}],"wp:featuredmedia":[{"embeddable":true,"href":"https:\/\/www.melioris.ch\/fr\/wp-json\/wp\/v2\/media\/3393"}],"wp:attachment":[{"href":"https:\/\/www.melioris.ch\/fr\/wp-json\/wp\/v2\/media?parent=312"}],"curies":[{"name":"wp","href":"https:\/\/api.w.org\/{rel}","templated":true}]}}